{"id":4568,"date":"2018-05-15T21:42:03","date_gmt":"2018-05-15T20:42:03","guid":{"rendered":"http:\/\/bdmiam.fr\/?page_id=4568"},"modified":"2018-05-15T21:42:03","modified_gmt":"2018-05-15T20:42:03","slug":"jacques-lamontagne","status":"publish","type":"page","link":"https:\/\/bdmiam.fr\/index.php\/nos-artistes\/jacques-lamontagne\/","title":{"rendered":"Jacques Lamontagne"},"content":{"rendered":"<p style=\"text-align: center;\"><a href=\"https:\/\/i0.wp.com\/bdmiam.fr\/wp-content\/uploads\/2018\/05\/Photo_11455.jpg?ssl=1\"><img data-recalc-dims=\"1\" loading=\"lazy\" decoding=\"async\" src=\"https:\/\/i0.wp.com\/bdmiam.fr\/wp-content\/uploads\/2018\/05\/Photo_11455.jpg?resize=211%2C211&#038;ssl=1\" alt=\"\" class=\"alignnone size-full wp-image-4527\" width=\"211\" height=\"211\" \/><\/a><\/p>\n<p style=\"text-align: center;\"><span class=\"wnd-font-size-80\"><strong>Jacques Lamontagne<\/strong> a d&rsquo;abord connu une longue carri\u00e8re d&rsquo;illustrateur avant de se consacrer \u00e0 la BD. Il a fait ses d\u00e9but en publicit\u00e9 comme directeur artistique pour ensuite devenir pigiste. C&rsquo;est en 2004 qu&rsquo;il d\u00e9bute une nouvelle aventure en bande dessin\u00e9e en signant la s\u00e9rie <em>Les Druides<\/em> avec les \u00c9ditions Soleil. Celle-ci conna\u00eetra un vif succ\u00e8s et 9 albums au total seront produits. Depuis, il a \u00e9galement \u00e9largi son champ d&rsquo;int\u00e9r\u00eat en devenant sc\u00e9nariste. Il remportera d&rsquo;ailleurs un prix pour le sc\u00e9nario du diptyque <em>Van Helsing contre Jack l&rsquo;\u00c9ventreur<\/em>. Il poursuit toujours sa carri\u00e8re en Europe avec plus d&rsquo;une vingtaine d&rsquo;albums \u00e0 son actif. \u00c0 l&rsquo;automne 2017 para\u00eet la s\u00e9rie, <em>Shelton &amp; Felter<\/em>, dont il r\u00e9alise dessin et sc\u00e9nario. A cette occasion, Jacques est venu une premi\u00e8re fois participer \u00e0 BdMiam. <\/span><\/p>\n<p style=\"text-align: center;\"><span class=\"wnd-font-size-80\">C&rsquo;est sa nouvelle s\u00e9rie western, <em>Wild West<\/em>, qui l&rsquo;am\u00e8ne de nouveau dans le Beaujolais pour notre plus grand plaisir !<br \/>\n<\/span><\/p>\n<p><a href=\"https:\/\/i0.wp.com\/bdmiam.fr\/wp-content\/uploads\/2018\/05\/Couv_305297.jpg?ssl=1\">\u00a0\u00a0\u00a0\u00a0\u00a0\u00a0\u00a0\u00a0\u00a0\u00a0\u00a0\u00a0\u00a0\u00a0\u00a0\u00a0\u00a0\u00a0\u00a0\u00a0\u00a0\u00a0\u00a0\u00a0\u00a0\u00a0\u00a0\u00a0\u00a0\u00a0\u00a0 <img data-recalc-dims=\"1\" loading=\"lazy\" decoding=\"async\" src=\"https:\/\/i0.wp.com\/bdmiam.fr\/wp-content\/uploads\/2018\/05\/Couv_305297.jpg?resize=170%2C225&#038;ssl=1\" alt=\"\" class=\"alignnone size-full wp-image-4524\" width=\"170\" height=\"225\" \/><\/a><a href=\"https:\/\/bdmiam.fr\/wp-content\/uploads\/2018\/05\/Couv_331560.jpg\">\u00a0\u00a0\u00a0 <\/a><a href=\"https:\/\/i0.wp.com\/bdmiam.fr\/wp-content\/uploads\/2020\/03\/JL_wildwest.jpg?ssl=1\"><img data-recalc-dims=\"1\" loading=\"lazy\" decoding=\"async\" src=\"https:\/\/i0.wp.com\/bdmiam.fr\/wp-content\/uploads\/2020\/03\/JL_wildwest.jpg?resize=221%2C300&#038;ssl=1\" alt=\"\" class=\"alignnone wp-image-5361 size-medium\" width=\"221\" height=\"300\" \/><\/a>\u00a0\u00a0\u00a0<a href=\"https:\/\/i0.wp.com\/bdmiam.fr\/wp-content\/uploads\/2018\/05\/Couv_106897.jpg?ssl=1\"><img data-recalc-dims=\"1\" loading=\"lazy\" decoding=\"async\" src=\"https:\/\/i0.wp.com\/bdmiam.fr\/wp-content\/uploads\/2018\/05\/Couv_106897.jpg?resize=168%2C225&#038;ssl=1\" alt=\"\" class=\"alignnone wp-image-4519\" width=\"168\" height=\"225\" \/><\/a><\/p>\n<p style=\"text-align: left;\"><strong>Info festival 2022 : <\/strong>Jacques Lamontagne \u00e9tant dans la promotion de sa derni\u00e8re s\u00e9rie, il d\u00e9dicacera<strong> uniquement le tome 3 de \u00ab Wild West \u00bb, achet\u00e9 \u00e0 la librairie du festival.\u00a0<\/strong><strong><\/strong><\/p>\n<p style=\"text-align: center;\">Source : <a href=\"https:\/\/www.kennes-editions.be\/shelton-et-felter\/\" target=\"_blank\" rel=\"noopener noreferrer\">Kennes Editions<\/a><\/p>\n","protected":false},"excerpt":{"rendered":"<p>Jacques Lamontagne a d&rsquo;abord connu une longue carri\u00e8re d&rsquo;illustrateur avant de se consacrer \u00e0 la BD. Il a fait ses d\u00e9but en publicit\u00e9 comme directeur artistique pour ensuite devenir pigiste. C&rsquo;est en 2004 qu&rsquo;il d\u00e9bute une nouvelle aventure en bande dessin\u00e9e en signant la s\u00e9rie Les Druides avec les \u00c9ditions Soleil. Celle-ci conna\u00eetra un vif [&hellip;]<\/p>\n","protected":false},"author":7,"featured_media":4570,"parent":4494,"menu_order":0,"comment_status":"closed","ping_status":"closed","template":"","meta":{"footnotes":""},"class_list":["post-4568","page","type-page","status-publish","has-post-thumbnail","hentry"],"jetpack_sharing_enabled":true,"_links":{"self":[{"href":"https:\/\/bdmiam.fr\/index.php\/wp-json\/wp\/v2\/pages\/4568","targetHints":{"allow":["GET"]}}],"collection":[{"href":"https:\/\/bdmiam.fr\/index.php\/wp-json\/wp\/v2\/pages"}],"about":[{"href":"https:\/\/bdmiam.fr\/index.php\/wp-json\/wp\/v2\/types\/page"}],"author":[{"embeddable":true,"href":"https:\/\/bdmiam.fr\/index.php\/wp-json\/wp\/v2\/users\/7"}],"replies":[{"embeddable":true,"href":"https:\/\/bdmiam.fr\/index.php\/wp-json\/wp\/v2\/comments?post=4568"}],"version-history":[{"count":0,"href":"https:\/\/bdmiam.fr\/index.php\/wp-json\/wp\/v2\/pages\/4568\/revisions"}],"up":[{"embeddable":true,"href":"https:\/\/bdmiam.fr\/index.php\/wp-json\/wp\/v2\/pages\/4494"}],"wp:featuredmedia":[{"embeddable":true,"href":"https:\/\/bdmiam.fr\/index.php\/wp-json\/wp\/v2\/media\/4570"}],"wp:attachment":[{"href":"https:\/\/bdmiam.fr\/index.php\/wp-json\/wp\/v2\/media?parent=4568"}],"curies":[{"name":"wp","href":"https:\/\/api.w.org\/{rel}","templated":true}]}}